{"id":5,"date":"2014-02-17T09:10:26","date_gmt":"2014-02-17T09:10:26","guid":{"rendered":"http:\/\/conferinte.juridice.ro\/probleme-dificile-de-drept-penal-2014\/?page_id=5"},"modified":"2014-03-24T15:43:36","modified_gmt":"2014-03-24T15:43:36","slug":"program","status":"publish","type":"page","link":"https:\/\/conferinte.juridice.ro\/probleme-dificile-de-drept-penal-2014\/program\/","title":{"rendered":"Program"},"content":{"rendered":"<p><em>* ordine alfabetic\u0103 (nu este ordinea \u00een care vorbitorii vor lua cuv\u00e2ntul)<\/em><\/p>\n<p><strong>Vineri, 14 martie 2014<\/strong><\/p>\n<p><em>08:30-09:00 &#8211; \u00cenregistrarea participan\u021bilor, coffee talk<\/em><\/p>\n<hr>\n<p>09:00-13:00 &#8211; Panel 1<\/p>\n<div><strong>Speakeri<\/strong> [<em>ordine alfabetic\u0103<\/em>]<\/div>\n<div class=\"chenar-basic\">Jud. <a title=\"Laura ANDREI\" href=\"http:\/\/conferinte.juridice.ro\/speakeri\/laura-andrei\/\">Laura ANDREI<\/a>, Pre\u0219edinte TRIBUNALUL BUCURE\u0218TI<\/div>\n<div class=\"chenar-basic\">Proc. dr. <a title=\"Alina BICA\" href=\"http:\/\/conferinte.juridice.ro\/speakeri\/alina-bica\">Alina BICA<\/a>, Procuror \u0219ef DIICOT<\/div>\n<div class=\"chenar-basic\">Proc. <a title=\"Marius BULANCEA\" href=\"http:\/\/conferinte.juridice.ro\/speakeri\/marius-bulancea\/\">Marius BULANCEA<\/a>, consilier al Procurorului \u0219ef DNA<\/div>\n<div class=\"chenar-basic\">Jud. <a title=\"Daniel GR\u0102DINARU\" href=\"http:\/\/conferinte.juridice.ro\/speakeri\/daniel-gradinaru\">Daniel GR\u0102DINARU<\/a>, Pre\u0219edinte sec\u021bia I, penal\u0103, CURTEA DE APEL BUCURE\u0218TI<\/div>\n<div class=\"chenar-basic\">Av. <a title=\"Ion ILIE-IORD\u0102CHESCU\" href=\"http:\/\/conferinte.juridice.ro\/speakeri\/ion-ilie-iordachescu\/\">Ion ILIE-IORD\u0102CHESCU<\/a>, Decanul BAROULUI BUCURE\u0218TI<\/div>\n<div class=\"chenar-basic\">Proc. <a title=\"Gheorghe MUSCALU\" href=\"http:\/\/conferinte.juridice.ro\/gheorghe-muscalu\/\">Gheorghe MUSCALU<\/a>, Vicepre\u0219edinte CONSILIUL SUPERIOR AL MAGISTRATURII<\/div>\n<div class=\"chenar-basic\">Proc. <a title=\"Tiberiu Mihail NITU\" href=\"http:\/\/conferinte.juridice.ro\/tiberiu-mihail-nitu\/\">Tiberiu Mihail NI\u021aU<\/a>, Procurorul general al Rom\u00e2niei<\/div>\n<div class=\"chenar-basic\">Prof. univ. dr. <a title=\"Tudorel TOADER\" href=\"http:\/\/conferinte.juridice.ro\/speakeri\/tudorel-toader\">Tudorel TOADER<\/a>, judec\u0103tor CURTEA CONSTITU\u021aIONAL\u0102<\/div>\n<div style=\"margin-top: 10px;\"><strong>Moderator<\/strong><\/div>\n<div class=\"chenar-basic\">Dr. <a title=\"Andrei SAVESCU\" href=\"http:\/\/conferinte.juridice.ro\/speakeri\/andrei-savescu\">Andrei S\u0102VESCU<\/a>, coord. JURIDICE.ro<\/div>\n<hr style=\"margin-top: 20px;\">\n<div style=\"margin-top: 20px; margin-bottom: 20px;\"><em>13:00-14:00 &#8211; Pauz\u0103 de pr\u00e2nz<\/em><\/div>\n<hr>\n<div style=\"margin-top: 20px; margin-bottom: 20px;\">14:00-18:00 &#8211; Panel 2<\/div>\n<div><strong>Speakeri<\/strong> [<em>ordine alfabetic\u0103<\/em>]<\/div>\n<div class=\"chenar-basic\">Prof. univ. dr. <a title=\"Valerian CIOCLEI\" href=\"http:\/\/conferinte.juridice.ro\/speakeri\/valerian-cioclei\">Valerian CIOCLEI<\/a>, UNIVERSITATEA DIN BUCURE\u0218TI, FACULTATEA DE DREPT<\/div>\n<div class=\"chenar-basic\">Prof. univ. dr. <a title=\"Anastasiu CRI\u0218U\" href=\"http:\/\/conferinte.juridice.ro\/speakeri\/anastasiu-crisu\">Anastasiu CRI\u0218U<\/a>, UNIVERSITATEA DIN BUCURE\u0218TI, FACULTATEA DE DREPT<\/div>\n<div class=\"chenar-basic\">Jud. conf. univ. dr. <a title=\"Cristina ROTARU\" href=\"http:\/\/conferinte.juridice.ro\/speakeri\/cristina-rotaru\">Cristina ROTARU<\/a>, UNIVERSITATEA DIN BUCURE\u0218TI, FACULTATEA DE DREPT<\/div>\n<div class=\"chenar-basic\">Prof. univ. dr. <a title=\"Tudorel TOADER\" href=\"http:\/\/conferinte.juridice.ro\/speakeri\/tudorel-toader\">Tudorel TOADER<\/a>, UNIVERSITATEA ALEXANDRU IOAN CUZA DIN IA\u0218I, FACULTATEA DE DREPT<\/div>\n<div class=\"chenar-basic\">Jud. dr. <a title=\"Mihai UDROIU\" href=\"http:\/\/conferinte.juridice.ro\/speakeri\/mihai-udroiu\">Mihai UDROIU<\/a>, consilier al Procurorului \u0219ef DIICOT<\/div>\n<div style=\"margin-top: 10px;\"><strong>Moderator<\/strong><\/div>\n<div class=\"chenar-basic\">Av. prof. univ. dr. <a title=\"Mihai HOTCA\" href=\"http:\/\/conferinte.juridice.ro\/speakeri\/mihai-hotca\">Mihai HOTCA<\/a>, Managing Partner HOTCA &amp; ASOCIA\u021aII<\/div>\n<p><strong>Tematica<\/strong>: <a href=\"http:\/\/conferinte.juridice.ro\/probleme-dificile-de-drept-penal-2014\/tematica\/\">Probleme dificile de drept penal<\/a><\/p>\n<hr style=\"color: #f00;background-color: #bb0000;height: 15px;\">\n<p><strong>S\u00e2mb\u0103t\u0103, 15 martie 2014<\/strong><\/p>\n<p><em>08:30-09:00 &#8211; \u00cenregistrare participan\u021bi, coffee talk<\/em><\/p>\n<p>09:00-13:00 &#8211; Panel 3<\/p>\n<div><strong>Speakeri<\/strong> [<em>ordine alfabetic\u0103<\/em>]<\/div>\n<div class=\"chenar-basic\">Av. dr. <a title=\"Petru\u021b CIOBANU\" href=\"http:\/\/conferinte.juridice.ro\/speakeri\/petrut-ciobanu\">Petru\u021b CIOBANU<\/a><\/div>\n<div class=\"chenar-basic\">Proc. <a title=\"Antonia CONSTANTIN\" href=\"http:\/\/conferinte.juridice.ro\/speakeri\/antonia-constantin\">Antonia CONSTANTIN<\/a>, PARCHETUL \u00ceNALTEI CUR\u021aI DE CASA\u021aIE \u0218I JUSTI\u021aIE<\/div>\n<div class=\"chenar-basic\">Av. dr. <a title=\"Antoniu OBANCIA\" href=\"http:\/\/conferinte.juridice.ro\/speakeri\/antoniu-obancia\/\">Antoniu OBANCIA<\/a>, Partner ZAMFIRESCU RACO\u021aI &amp; PARTNERS<\/div>\n<div class=\"chenar-basic\">Av. <a title=\"Octavian POPESCU\" href=\"http:\/\/conferinte.juridice.ro\/speakeri\/octavian-popescu\/\">Octavian POPESCU<\/a>, Partner MU\u0218AT &amp; ASOCIA\u021aII<\/div>\n<div class=\"chenar-basic\">Proc. <a title=\"Alexandra \u0218INC\" href=\"http:\/\/conferinte.juridice.ro\/speakeri\/alexandra-mihaela-sinc\">Alexandra Mihaela \u0218INC<\/a>, Consilier Procurorul General al Rom\u00e2niei<\/div>\n<div style=\"margin-top: 10px;\"><strong>Moderator<\/strong><\/div>\n<div class=\"chenar-basic\">Av. <a title=\"Adrian PICHLER\" href=\"http:\/\/conferinte.juridice.ro\/speakeri\/adrian-pichler\">Adrian PICHLER<\/a>, Senior Partner \u0218ERBAN &amp; ASOCIA\u021aII<\/div>\n<p><strong>Tematica<\/strong>: <a href=\"http:\/\/conferinte.juridice.ro\/probleme-dificile-de-drept-penal-2014\/tematica\/\">Probleme dificile de procedur\u0103 penal\u0103<\/a><\/p>\n<hr>\n<p><em>13:00 &#8211; \u00cenchiderea lucr\u0103rilor<\/em><\/p>\n<hr>\n<p><i>* Pe tot parcursul evenimentului vor fi disponibile: cafea, ap\u0103, b\u0103uturi r\u0103coritoare, gust\u0103ri reci \u0219i produse de patiserie.<\/i><\/p>\n","protected":false},"excerpt":{"rendered":"<p>* ordine alfabetic\u0103 (nu este ordinea \u00een care vorbitorii vor lua cuv\u00e2ntul) Vineri, 14 martie 2014 08:30-09:00 &#8211; \u00cenregistrarea participan\u021bilor, coffee talk 09:00-13:00 &#8211; Panel 1 Speakeri [ordine alfabetic\u0103] Jud. Laura ANDREI, Pre\u0219edinte TRIBUNALUL BUCURE\u0218TI Proc. dr. Alina BICA, Procuror \u0219ef DIICOT Proc. Marius BULANCEA, consilier al Procurorului \u0219ef DNA Jud. Daniel GR\u0102DINARU, Pre\u0219edinte sec\u021bia [&hellip;]<\/p>\n","protected":false},"author":1,"featured_media":0,"parent":0,"menu_order":2,"comment_status":"open","ping_status":"open","template":"","meta":{"footnotes":""},"class_list":["post-5","page","type-page","status-publish","hentry"],"_links":{"self":[{"href":"https:\/\/conferinte.juridice.ro\/probleme-dificile-de-drept-penal-2014\/wp-json\/wp\/v2\/pages\/5","targetHints":{"allow":["GET"]}}],"collection":[{"href":"https:\/\/conferinte.juridice.ro\/probleme-dificile-de-drept-penal-2014\/wp-json\/wp\/v2\/pages"}],"about":[{"href":"https:\/\/conferinte.juridice.ro\/probleme-dificile-de-drept-penal-2014\/wp-json\/wp\/v2\/types\/page"}],"author":[{"embeddable":true,"href":"https:\/\/conferinte.juridice.ro\/probleme-dificile-de-drept-penal-2014\/wp-json\/wp\/v2\/users\/1"}],"replies":[{"embeddable":true,"href":"https:\/\/conferinte.juridice.ro\/probleme-dificile-de-drept-penal-2014\/wp-json\/wp\/v2\/comments?post=5"}],"version-history":[{"count":78,"href":"https:\/\/conferinte.juridice.ro\/probleme-dificile-de-drept-penal-2014\/wp-json\/wp\/v2\/pages\/5\/revisions"}],"predecessor-version":[{"id":369,"href":"https:\/\/conferinte.juridice.ro\/probleme-dificile-de-drept-penal-2014\/wp-json\/wp\/v2\/pages\/5\/revisions\/369"}],"wp:attachment":[{"href":"https:\/\/conferinte.juridice.ro\/probleme-dificile-de-drept-penal-2014\/wp-json\/wp\/v2\/media?parent=5"}],"curies":[{"name":"wp","href":"https:\/\/api.w.org\/{rel}","templated":true}]}}